{"id":245,"date":"2025-08-14T10:39:09","date_gmt":"2025-08-14T10:39:09","guid":{"rendered":"https:\/\/ki-non.de\/?page_id=245"},"modified":"2025-08-19T14:23:56","modified_gmt":"2025-08-19T14:23:56","slug":"regionales-zukunftszentrum-nord","status":"publish","type":"page","link":"https:\/\/ki-non.de\/index.php\/regionales-zukunftszentrum-nord\/","title":{"rendered":"Regionales Zukunftszentrum Nord"},"content":{"rendered":"<p>[et_pb_section fb_built=&#8220;1&#8243; _builder_version=&#8220;4.27.4&#8243; _module_preset=&#8220;default&#8220; global_colors_info=&#8220;{}&#8220;][et_pb_row _builder_version=&#8220;4.27.4&#8243; _module_preset=&#8220;default&#8220; global_colors_info=&#8220;{}&#8220; column_structure=&#8220;3_5,2_5&#8243;][et_pb_column type=&#8220;3_5&#8243; _builder_version=&#8220;4.27.4&#8243; _module_preset=&#8220;default&#8220; global_colors_info=&#8220;{}&#8220;][et_pb_image src=&#8220;https:\/\/ki-non.de\/wp-content\/uploads\/2025\/08\/RZN-Logo-RGB.jpg&#8220; title_text=&#8220;RZN-Logo-RGB&#8220; _builder_version=&#8220;4.27.4&#8243; _module_preset=&#8220;default&#8220; width=&#8220;30%&#8220; hover_enabled=&#8220;0&#8243; global_colors_info=&#8220;{}&#8220; sticky_enabled=&#8220;0&#8243;][\/et_pb_image][et_pb_text _builder_version=&#8220;4.27.4&#8243; _module_preset=&#8220;default&#8220; header_font=&#8220;|||on|||||&#8220; header_text_color=&#8220;#2E3671&#8243; global_colors_info=&#8220;{}&#8220;]<\/p>\n<h1><strong>Regionales zukunftszentrum nord<\/strong><\/h1>\n<p>[\/et_pb_text][\/et_pb_column][et_pb_column type=&#8220;2_5&#8243; _builder_version=&#8220;4.27.4&#8243; _module_preset=&#8220;default&#8220; global_colors_info=&#8220;{}&#8220;][\/et_pb_column][\/et_pb_row][et_pb_row column_structure=&#8220;2_3,1_3&#8243; _builder_version=&#8220;4.27.4&#8243; _module_preset=&#8220;default&#8220; global_colors_info=&#8220;{}&#8220;][et_pb_column type=&#8220;2_3&#8243; _builder_version=&#8220;4.27.4&#8243; _module_preset=&#8220;default&#8220; global_colors_info=&#8220;{}&#8220;][et_pb_text _builder_version=&#8220;4.27.4&#8243; _module_preset=&#8220;default&#8220; text_font=&#8220;Roboto|300|||||||&#8220; text_line_height=&#8220;1.71em&#8220; global_colors_info=&#8220;{}&#8220;]<\/p>\n<p><strong>\u00dcber uns <\/strong><\/p>\n<p>Um kleine und mittlere Unternehmen (KMU) bei der digitalen Transformation und der Einf\u00fchrung von K\u00fcnstlicher Intelligenz zu unterst\u00fctzen, bietet das \u00f6ffentlich gef\u00f6rderte Projekt Regionales Zukunftszentrum Nord (RZ.Nord) kostenfreie Beratungen und Qualifizierungen an.<\/p>\n<p>Das Regionale Zukunftszentrum Nord unterst\u00fctzt kleine und mittlere Unternehmen (KMU) und deren Besch\u00e4ftigte dabei, den digitalen Wandel nutzbringend f\u00fcr sich zu gestalten und damit ihre Zukunftsf\u00e4higkeit zu sichern. Vier Bundesl\u00e4nder \u2013 Niedersachsen, Bremen, Hamburg und Schleswig-Holstein \u2013 sowie 12 Projektpartner f\u00f6rdern mit dem Regionalen Zukunftszentrum Nord Orientierung und Know-how zu Anwendungseins\u00e4tzen von K\u00fcnstlicher Intelligenz (KI).<\/p>\n<p>[\/et_pb_text][\/et_pb_column][et_pb_column type=&#8220;1_3&#8243; _builder_version=&#8220;4.27.4&#8243; _module_preset=&#8220;default&#8220; global_colors_info=&#8220;{}&#8220;][et_pb_text _builder_version=&#8220;4.27.4&#8243; _module_preset=&#8220;default&#8220; text_font=&#8220;|300|||||||&#8220; text_text_color=&#8220;#FFFFFF&#8220; text_font_size=&#8220;14px&#8220; text_line_height=&#8220;1.6em&#8220; link_text_color=&#8220;#FFFFFF&#8220; background_color=&#8220;#2E3671&#8243; background_layout=&#8220;dark&#8220; min_height=&#8220;323.6px&#8220; custom_margin=&#8220;-247px|||||&#8220; custom_margin_tablet=&#8220;0px||||false|false&#8220; custom_margin_phone=&#8220;0px||||false|false&#8220; custom_margin_last_edited=&#8220;on|phone&#8220; custom_padding=&#8220;313px|10px|40px|16px|false|false&#8220; custom_padding_tablet=&#8220;40px|10px|40px|16px|false|false&#8220; custom_padding_phone=&#8220;32px||||false|false&#8220; custom_padding_last_edited=&#8220;on|desktop&#8220; global_colors_info=&#8220;{}&#8220;]<\/p>\n<p><strong>ANSPRECHPARTNERIN<br \/><\/strong>Sara Flaum<br \/>Projektmanagerin<\/p>\n<p>E-Mail: <a href=\"mailto:sara.flaum@bnw.de\">sara.flaum@bnw.de<\/a><br \/>Mobil: 0170 &#8211; 929 4501<\/p>\n<p>Bildungswerk der Nieders\u00e4chsischen<br \/>Wirtschaft gGmbH<br \/>Helmkestr. 7A, 30165 Hannover<br \/><a href=\"https:\/\/www.zukunftszentrumnord.de\/\">www.zukunftszentrumnord.de<\/a><br \/><a href=\"http:\/\/www.bnw.de\/\">www.bnw.de<\/a><\/p>\n<p>[\/et_pb_text][\/et_pb_column][\/et_pb_row][\/et_pb_section][et_pb_section fb_built=&#8220;1&#8243; _builder_version=&#8220;4.27.4&#8243; _module_preset=&#8220;default&#8220; background_color=&#8220;#2E3671&#8243; background_image=&#8220;https:\/\/ki-non.de\/wp-content\/uploads\/2025\/08\/header-kinon-02-scaled.jpg&#8220; custom_padding=&#8220;7px||40px|||&#8220; global_colors_info=&#8220;{}&#8220;][et_pb_row _builder_version=&#8220;4.27.4&#8243; _module_preset=&#8220;default&#8220; global_colors_info=&#8220;{}&#8220;][et_pb_column type=&#8220;4_4&#8243; _builder_version=&#8220;4.27.4&#8243; _module_preset=&#8220;default&#8220; global_colors_info=&#8220;{}&#8220;][et_pb_text _builder_version=&#8220;4.27.4&#8243; _module_preset=&#8220;default&#8220; header_2_font=&#8220;||||||||&#8220; header_2_text_color=&#8220;#FFFFFF&#8220; header_2_line_height=&#8220;1.2em&#8220; custom_padding=&#8220;0px|||||&#8220; global_colors_info=&#8220;{}&#8220;]<\/p>\n<h2><span>Zukunft gestalten &#8211; Innovation vernetzt denken.<br \/>Werde Teil der\u00a0<\/span><b>KI.NON<\/b><span> &#8211; <\/span><b>Community of Practice<\/b><\/h2>\n<p>[\/et_pb_text][et_pb_button button_url=&#8220;@ET-DC@eyJkeW5hbWljIjp0cnVlLCJjb250ZW50IjoicG9zdF9saW5rX3VybF9wYWdlIiwic2V0dGluZ3MiOnsicG9zdF9pZCI6IjMyNiJ9fQ==@&#8220; button_text=&#8220;Jetzt registrieren&#8220; _builder_version=&#8220;4.27.4&#8243; _dynamic_attributes=&#8220;button_url&#8220; _module_preset=&#8220;default&#8220; background_layout=&#8220;dark&#8220; global_colors_info=&#8220;{}&#8220;][\/et_pb_button][\/et_pb_column][\/et_pb_row][\/et_pb_section]<\/p>\n","protected":false},"excerpt":{"rendered":"<p>Regionales zukunftszentrum nord\u00dcber uns Um kleine und mittlere Unternehmen (KMU) bei der digitalen Transformation und der Einf\u00fchrung von K\u00fcnstlicher Intelligenz zu unterst\u00fctzen, bietet das \u00f6ffentlich gef\u00f6rderte Projekt Regionales Zukunftszentrum Nord (RZ.Nord) kostenfreie Beratungen und Qualifizierungen an. Das Regionale Zukunftszentrum Nord unterst\u00fctzt kleine und mittlere Unternehmen (KMU) und deren Besch\u00e4ftigte dabei, den digitalen Wandel nutzbringend f\u00fcr [&hellip;]<\/p>\n","protected":false},"author":1,"featured_media":0,"parent":0,"menu_order":0,"comment_status":"closed","ping_status":"closed","template":"","meta":{"_et_pb_use_builder":"on","_et_pb_old_content":"","_et_gb_content_width":"","footnotes":""},"class_list":["post-245","page","type-page","status-publish","hentry"],"_links":{"self":[{"href":"https:\/\/ki-non.de\/index.php\/wp-json\/wp\/v2\/pages\/245","targetHints":{"allow":["GET"]}}],"collection":[{"href":"https:\/\/ki-non.de\/index.php\/wp-json\/wp\/v2\/pages"}],"about":[{"href":"https:\/\/ki-non.de\/index.php\/wp-json\/wp\/v2\/types\/page"}],"author":[{"embeddable":true,"href":"https:\/\/ki-non.de\/index.php\/wp-json\/wp\/v2\/users\/1"}],"replies":[{"embeddable":true,"href":"https:\/\/ki-non.de\/index.php\/wp-json\/wp\/v2\/comments?post=245"}],"version-history":[{"count":10,"href":"https:\/\/ki-non.de\/index.php\/wp-json\/wp\/v2\/pages\/245\/revisions"}],"predecessor-version":[{"id":407,"href":"https:\/\/ki-non.de\/index.php\/wp-json\/wp\/v2\/pages\/245\/revisions\/407"}],"wp:attachment":[{"href":"https:\/\/ki-non.de\/index.php\/wp-json\/wp\/v2\/media?parent=245"}],"curies":[{"name":"wp","href":"https:\/\/api.w.org\/{rel}","templated":true}]}}